{"id":1993,"date":"2024-11-15T07:36:41","date_gmt":"2024-11-15T04:36:41","guid":{"rendered":"https:\/\/elvanbayraktar.com\/blog\/"},"modified":"2026-03-16T09:28:44","modified_gmt":"2026-03-16T06:28:44","slug":"blog","status":"publish","type":"page","link":"https:\/\/elvanbayraktar.com\/de\/blog\/","title":{"rendered":"Blog"},"content":{"rendered":"\t\t<div data-elementor-type=\"wp-page\" data-elementor-id=\"1993\" class=\"elementor elementor-1993 elementor-261\" data-elementor-post-type=\"page\">\n\t\t\t\t<div class=\"elementor-element elementor-element-1b69124 e-flex e-con-boxed e-con e-parent\" data-id=\"1b69124\" data-element_type=\"container\">\n\t\t\t\t\t<div class=\"e-con-inner\">\n\t\t\t\t<div class=\"elementor-element elementor-element-25833b7 elementor-widget elementor-widget-jkit_post_block\" data-id=\"25833b7\" data-element_type=\"widget\" data-widget_type=\"jkit_post_block.default\">\n\t\t\t\t<div class=\"elementor-widget-container\">\n\t\t\t\t\t<div  class=\"jeg-elementor-kit jkit-postblock postblock-type-3 jkit-pagination-loadmore post-element jeg_module___69f4c2a78fdcd\"  data-id=\"jeg_module___69f4c2a78fdcd\" data-settings=\"{&quot;post_type&quot;:&quot;post&quot;,&quot;number_post&quot;:{&quot;unit&quot;:&quot;px&quot;,&quot;size&quot;:30,&quot;sizes&quot;:[]},&quot;post_offset&quot;:0,&quot;unique_content&quot;:&quot;disable&quot;,&quot;include_post&quot;:&quot;&quot;,&quot;exclude_post&quot;:&quot;&quot;,&quot;include_category&quot;:&quot;&quot;,&quot;exclude_category&quot;:&quot;&quot;,&quot;include_author&quot;:&quot;&quot;,&quot;include_tag&quot;:&quot;&quot;,&quot;exclude_tag&quot;:&quot;&quot;,&quot;sort_by&quot;:&quot;latest&quot;,&quot;pagination_mode&quot;:&quot;loadmore&quot;,&quot;pagination_loadmore_text&quot;:&quot;Devam\\u0131n\\u0131 Y\\u00fckle&quot;,&quot;pagination_loading_text&quot;:&quot;Loading...&quot;,&quot;pagination_number_post&quot;:{&quot;unit&quot;:&quot;px&quot;,&quot;size&quot;:3,&quot;sizes&quot;:[]},&quot;pagination_scroll_limit&quot;:0,&quot;pagination_icon&quot;:{&quot;value&quot;:&quot;&quot;,&quot;library&quot;:&quot;&quot;},&quot;pagination_icon_position&quot;:&quot;before&quot;,&quot;st_category_position&quot;:&quot;left&quot;,&quot;sg_content_postblock_type&quot;:&quot;type-3&quot;,&quot;sg_content_element_order&quot;:&quot;title,excerpt,read&quot;,&quot;sg_content_breakpoint&quot;:&quot;tablet&quot;,&quot;sg_content_title_html_tag&quot;:&quot;h2&quot;,&quot;sg_content_category_enable&quot;:&quot;yes&quot;,&quot;sg_content_excerpt_enable&quot;:&quot;yes&quot;,&quot;sg_content_excerpt_length&quot;:{&quot;unit&quot;:&quot;px&quot;,&quot;size&quot;:23,&quot;sizes&quot;:[]},&quot;sg_content_excerpt_more&quot;:&quot;...&quot;,&quot;sg_content_readmore_enable&quot;:&quot;yes&quot;,&quot;sg_content_readmore_icon&quot;:{&quot;value&quot;:&quot;fas fa-arrow-right&quot;,&quot;library&quot;:&quot;fa-solid&quot;},&quot;sg_content_readmore_icon_position&quot;:&quot;after&quot;,&quot;sg_content_readmore_text&quot;:&quot;Devam\\u0131n\\u0131 Oku&quot;,&quot;sg_content_comment_enable&quot;:&quot;&quot;,&quot;sg_content_comment_icon&quot;:{&quot;value&quot;:&quot;fas fa-comment&quot;,&quot;library&quot;:&quot;fa-solid&quot;},&quot;sg_content_comment_icon_position&quot;:&quot;before&quot;,&quot;sg_content_meta_enable&quot;:&quot;yes&quot;,&quot;sg_content_meta_author_enable&quot;:&quot;yes&quot;,&quot;sg_content_meta_author_by_text&quot;:&quot;&quot;,&quot;sg_content_meta_author_icon&quot;:{&quot;value&quot;:&quot;fas fa-user&quot;,&quot;library&quot;:&quot;fa-solid&quot;},&quot;sg_content_meta_author_icon_position&quot;:&quot;before&quot;,&quot;sg_content_meta_date_enable&quot;:&quot;yes&quot;,&quot;sg_content_meta_date_type&quot;:&quot;published&quot;,&quot;sg_content_meta_date_format&quot;:&quot;default&quot;,&quot;sg_content_meta_date_format_custom&quot;:&quot;F j, Y&quot;,&quot;sg_content_meta_date_icon&quot;:{&quot;value&quot;:&quot;fas fa-clock&quot;,&quot;library&quot;:&quot;fa-solid&quot;},&quot;sg_content_meta_date_icon_position&quot;:&quot;before&quot;,&quot;sg_content_image_size_imagesize_size&quot;:&quot;full&quot;,&quot;lang&quot;:&quot;de&quot;,&quot;paged&quot;:1,&quot;class&quot;:&quot;jkit_post_block&quot;}\"><div class=\"jkit-block-container\"><div class=\"jkit-posts jkit-ajax-flag\">\n            <article class=\"jkit-post post-2085 post type-post status-publish format-standard has-post-thumbnail hentry category-nicht-kategorisiert\">\n                    <div class=\"jkit-thumb\"><a aria-label=\"Bewertungen von Mid Face Fillers\" href=\"https:\/\/elvanbayraktar.com\/de\/bewertungen-von-mid-face-fillers\/\"><div class=\"thumbnail-container \">\n            <img loading=\"lazy\" decoding=\"async\" width=\"1080\" height=\"720\" src=\"https:\/\/elvanbayraktar.com\/wp-content\/uploads\/2025\/03\/Orta-Yuz-Dolgusu-Yaptiranlarin-Yorumlari.jpg\" class=\"attachment-full size-full wp-post-image\" alt=\"\" loading=\"lazy\" srcset=\"https:\/\/elvanbayraktar.com\/wp-content\/uploads\/2025\/03\/Orta-Yuz-Dolgusu-Yaptiranlarin-Yorumlari.jpg 1080w, https:\/\/elvanbayraktar.com\/wp-content\/uploads\/2025\/03\/Orta-Yuz-Dolgusu-Yaptiranlarin-Yorumlari-300x200.jpg 300w, https:\/\/elvanbayraktar.com\/wp-content\/uploads\/2025\/03\/Orta-Yuz-Dolgusu-Yaptiranlarin-Yorumlari-1024x683.jpg 1024w, https:\/\/elvanbayraktar.com\/wp-content\/uploads\/2025\/03\/Orta-Yuz-Dolgusu-Yaptiranlarin-Yorumlari-768x512.jpg 768w\" sizes=\"auto, (max-width: 1080px) 100vw, 1080px\" \/>\n        <\/div><\/a><div class=\"jkit-post-category position-left\"><span><a href=\"https:\/\/elvanbayraktar.com\/de\/nicht-kategorisiert\/\" class=\"category-nicht-kategorisiert\">Nicht kategorisiert<\/a><\/span><\/div><\/div>\n                    <div class=\"jkit-postblock-content\"><h2 class=\"jkit-post-title\">\n\t\t\t\t\t\t\t<a href=\"https:\/\/elvanbayraktar.com\/de\/bewertungen-von-mid-face-fillers\/\">Bewertungen von Mid Face Fillers<\/a>\n\t\t\t\t\t\t<\/h2><div class=\"jkit-post-excerpt\"><p>In den letzten Jahren haben \u00e4sthetische Chirurgie und F\u00fcllungen bei der Neugestaltung der Gesichtskonturen gro\u00dfe Popularit\u00e4t erlangt. F\u00fcllung im MittelgesichtAls eine dieser \u00e4sthetischen...<\/p><\/div><div class=\"jkit-post-meta-bottom\">\n\t\t\t\t\t\t\t<div class=\"jkit-meta-readmore icon-position-after\">\n                <a title=\"Bewertungen von Mid Face Fillers\" href=\"https:\/\/elvanbayraktar.com\/de\/bewertungen-von-mid-face-fillers\/\" class=\"jkit-readmore\">Devam\u0131n\u0131 Oku<svg aria-hidden=\"true\" class=\"e-font-icon-svg e-fas-arrow-right\" viewBox=\"0 0 448 512\" xmlns=\"http:\/\/www.w3.org\/2000\/svg\"><path d=\"M190.5 66.9l22.2-22.2c9.4-9.4 24.6-9.4 33.9 0L441 239c9.4 9.4 9.4 24.6 0 33.9L246.6 467.3c-9.4 9.4-24.6 9.4-33.9 0l-22.2-22.2c-9.5-9.5-9.3-25 .4-34.3L311.4 296H24c-13.3 0-24-10.7-24-24v-32c0-13.3 10.7-24 24-24h287.4L190.9 101.2c-9.8-9.3-10-24.8-.4-34.3z\"><\/path><\/svg><\/a>\n            <\/div>\n\t\t\t\t\t\t<\/div><\/div>\n                <\/article><article class=\"jkit-post post-2101 post type-post status-publish format-standard has-post-thumbnail hentry category-nicht-kategorisiert\">\n                    <div class=\"jkit-thumb\"><a aria-label=\"Kommentare von Personen, die eine Fettunterspritzung im Gesicht hatten\" href=\"https:\/\/elvanbayraktar.com\/de\/kommentare-von-personen-die-eine-fettunterspritzung-im-gesicht-hatten\/\"><div class=\"thumbnail-container \">\n            <img loading=\"lazy\" decoding=\"async\" width=\"1080\" height=\"720\" src=\"https:\/\/elvanbayraktar.com\/wp-content\/uploads\/2025\/03\/Yuze-Yag-Enjeksiyonu-Yaptiranlarin-Yorumlari.jpg\" class=\"attachment-full size-full wp-post-image\" alt=\"\" loading=\"lazy\" srcset=\"https:\/\/elvanbayraktar.com\/wp-content\/uploads\/2025\/03\/Yuze-Yag-Enjeksiyonu-Yaptiranlarin-Yorumlari.jpg 1080w, https:\/\/elvanbayraktar.com\/wp-content\/uploads\/2025\/03\/Yuze-Yag-Enjeksiyonu-Yaptiranlarin-Yorumlari-300x200.jpg 300w, https:\/\/elvanbayraktar.com\/wp-content\/uploads\/2025\/03\/Yuze-Yag-Enjeksiyonu-Yaptiranlarin-Yorumlari-1024x683.jpg 1024w, https:\/\/elvanbayraktar.com\/wp-content\/uploads\/2025\/03\/Yuze-Yag-Enjeksiyonu-Yaptiranlarin-Yorumlari-768x512.jpg 768w\" sizes=\"auto, (max-width: 1080px) 100vw, 1080px\" \/>\n        <\/div><\/a><div class=\"jkit-post-category position-left\"><span><a href=\"https:\/\/elvanbayraktar.com\/de\/nicht-kategorisiert\/\" class=\"category-nicht-kategorisiert\">Nicht kategorisiert<\/a><\/span><\/div><\/div>\n                    <div class=\"jkit-postblock-content\"><h2 class=\"jkit-post-title\">\n\t\t\t\t\t\t\t<a href=\"https:\/\/elvanbayraktar.com\/de\/kommentare-von-personen-die-eine-fettunterspritzung-im-gesicht-hatten\/\">Kommentare von Personen, die eine Fettunterspritzung im Gesicht hatten<\/a>\n\t\t\t\t\t\t<\/h2><div class=\"jkit-post-excerpt\"><p>Fettunterspritzung im Gesichtist eine Anwendung, die in den letzten Jahren im Bereich der \u00e4sthetischen Chirurgie an Popularit\u00e4t gewonnen hat und nat\u00fcrliche Ergebnisse bietet....<\/p><\/div><div class=\"jkit-post-meta-bottom\">\n\t\t\t\t\t\t\t<div class=\"jkit-meta-readmore icon-position-after\">\n                <a title=\"Kommentare von Personen, die eine Fettunterspritzung im Gesicht hatten\" href=\"https:\/\/elvanbayraktar.com\/de\/kommentare-von-personen-die-eine-fettunterspritzung-im-gesicht-hatten\/\" class=\"jkit-readmore\">Devam\u0131n\u0131 Oku<svg aria-hidden=\"true\" class=\"e-font-icon-svg e-fas-arrow-right\" viewBox=\"0 0 448 512\" xmlns=\"http:\/\/www.w3.org\/2000\/svg\"><path d=\"M190.5 66.9l22.2-22.2c9.4-9.4 24.6-9.4 33.9 0L441 239c9.4 9.4 9.4 24.6 0 33.9L246.6 467.3c-9.4 9.4-24.6 9.4-33.9 0l-22.2-22.2c-9.5-9.5-9.3-25 .4-34.3L311.4 296H24c-13.3 0-24-10.7-24-24v-32c0-13.3 10.7-24 24-24h287.4L190.9 101.2c-9.8-9.3-10-24.8-.4-34.3z\"><\/path><\/svg><\/a>\n            <\/div>\n\t\t\t\t\t\t<\/div><\/div>\n                <\/article><article class=\"jkit-post post-2027 post type-post status-publish format-standard has-post-thumbnail hentry category-nicht-kategorisiert\">\n                    <div class=\"jkit-thumb\"><a aria-label=\"Kommentare derjenigen, die eine Kiefer\u00e4sthetik haben\" href=\"https:\/\/elvanbayraktar.com\/de\/kommentare-derjenigen-die-eine-kieferaesthetik-haben\/\"><div class=\"thumbnail-container \">\n            <img loading=\"lazy\" decoding=\"async\" width=\"1080\" height=\"720\" src=\"https:\/\/elvanbayraktar.com\/wp-content\/uploads\/2025\/05\/Gidi-Estetigi-Yaptiranlarin-Yorumlari.jpg\" class=\"attachment-full size-full wp-post-image\" alt=\"\" loading=\"lazy\" srcset=\"https:\/\/elvanbayraktar.com\/wp-content\/uploads\/2025\/05\/Gidi-Estetigi-Yaptiranlarin-Yorumlari.jpg 1080w, https:\/\/elvanbayraktar.com\/wp-content\/uploads\/2025\/05\/Gidi-Estetigi-Yaptiranlarin-Yorumlari-300x200.jpg 300w, https:\/\/elvanbayraktar.com\/wp-content\/uploads\/2025\/05\/Gidi-Estetigi-Yaptiranlarin-Yorumlari-1024x683.jpg 1024w, https:\/\/elvanbayraktar.com\/wp-content\/uploads\/2025\/05\/Gidi-Estetigi-Yaptiranlarin-Yorumlari-768x512.jpg 768w\" sizes=\"auto, (max-width: 1080px) 100vw, 1080px\" \/>\n        <\/div><\/a><div class=\"jkit-post-category position-left\"><span><a href=\"https:\/\/elvanbayraktar.com\/de\/nicht-kategorisiert\/\" class=\"category-nicht-kategorisiert\">Nicht kategorisiert<\/a><\/span><\/div><\/div>\n                    <div class=\"jkit-postblock-content\"><h2 class=\"jkit-post-title\">\n\t\t\t\t\t\t\t<a href=\"https:\/\/elvanbayraktar.com\/de\/kommentare-derjenigen-die-eine-kieferaesthetik-haben\/\">Kommentare derjenigen, die eine Kiefer\u00e4sthetik haben<\/a>\n\t\t\t\t\t\t<\/h2><div class=\"jkit-post-excerpt\"><p>Die Kinn\u00e4sthetik ist eine Operation, die in den letzten Jahren im Bereich der \u00e4sthetischen Chirurgie h\u00e4ufig angewendet wurde. Sie erf\u00fcllt vor allem die...<\/p><\/div><div class=\"jkit-post-meta-bottom\">\n\t\t\t\t\t\t\t<div class=\"jkit-meta-readmore icon-position-after\">\n                <a title=\"Kommentare derjenigen, die eine Kiefer\u00e4sthetik haben\" href=\"https:\/\/elvanbayraktar.com\/de\/kommentare-derjenigen-die-eine-kieferaesthetik-haben\/\" class=\"jkit-readmore\">Devam\u0131n\u0131 Oku<svg aria-hidden=\"true\" class=\"e-font-icon-svg e-fas-arrow-right\" viewBox=\"0 0 448 512\" xmlns=\"http:\/\/www.w3.org\/2000\/svg\"><path d=\"M190.5 66.9l22.2-22.2c9.4-9.4 24.6-9.4 33.9 0L441 239c9.4 9.4 9.4 24.6 0 33.9L246.6 467.3c-9.4 9.4-24.6 9.4-33.9 0l-22.2-22.2c-9.5-9.5-9.3-25 .4-34.3L311.4 296H24c-13.3 0-24-10.7-24-24v-32c0-13.3 10.7-24 24-24h287.4L190.9 101.2c-9.8-9.3-10-24.8-.4-34.3z\"><\/path><\/svg><\/a>\n            <\/div>\n\t\t\t\t\t\t<\/div><\/div>\n                <\/article><article class=\"jkit-post post-2020 post type-post status-publish format-standard has-post-thumbnail hentry category-nicht-kategorisiert\">\n                    <div class=\"jkit-thumb\"><a aria-label=\"Gesichtsverj\u00fcngung mit Stammzellen\" href=\"https:\/\/elvanbayraktar.com\/de\/gesichtsverjuengung-mit-stammzellen\/\"><div class=\"thumbnail-container \">\n            <img loading=\"lazy\" decoding=\"async\" width=\"1080\" height=\"720\" src=\"https:\/\/elvanbayraktar.com\/wp-content\/uploads\/2025\/05\/Kok-Hucre-ile-Yuz-Genclestirme-Yaptiranlar.jpg\" class=\"attachment-full size-full wp-post-image\" alt=\"\" loading=\"lazy\" srcset=\"https:\/\/elvanbayraktar.com\/wp-content\/uploads\/2025\/05\/Kok-Hucre-ile-Yuz-Genclestirme-Yaptiranlar.jpg 1080w, https:\/\/elvanbayraktar.com\/wp-content\/uploads\/2025\/05\/Kok-Hucre-ile-Yuz-Genclestirme-Yaptiranlar-300x200.jpg 300w, https:\/\/elvanbayraktar.com\/wp-content\/uploads\/2025\/05\/Kok-Hucre-ile-Yuz-Genclestirme-Yaptiranlar-1024x683.jpg 1024w, https:\/\/elvanbayraktar.com\/wp-content\/uploads\/2025\/05\/Kok-Hucre-ile-Yuz-Genclestirme-Yaptiranlar-768x512.jpg 768w\" sizes=\"auto, (max-width: 1080px) 100vw, 1080px\" \/>\n        <\/div><\/a><div class=\"jkit-post-category position-left\"><span><a href=\"https:\/\/elvanbayraktar.com\/de\/nicht-kategorisiert\/\" class=\"category-nicht-kategorisiert\">Nicht kategorisiert<\/a><\/span><\/div><\/div>\n                    <div class=\"jkit-postblock-content\"><h2 class=\"jkit-post-title\">\n\t\t\t\t\t\t\t<a href=\"https:\/\/elvanbayraktar.com\/de\/gesichtsverjuengung-mit-stammzellen\/\">Gesichtsverj\u00fcngung mit Stammzellen<\/a>\n\t\t\t\t\t\t<\/h2><div class=\"jkit-post-excerpt\"><p>Heute wenden sich viele Menschen, die die Hautalterung verz\u00f6gern, Falten reduzieren und ein j\u00fcngeres Aussehen erlangen m\u00f6chten, nat\u00fcrlichen Methoden zu. Die Gesichtsverj\u00fcngung mit...<\/p><\/div><div class=\"jkit-post-meta-bottom\">\n\t\t\t\t\t\t\t<div class=\"jkit-meta-readmore icon-position-after\">\n                <a title=\"Gesichtsverj\u00fcngung mit Stammzellen\" href=\"https:\/\/elvanbayraktar.com\/de\/gesichtsverjuengung-mit-stammzellen\/\" class=\"jkit-readmore\">Devam\u0131n\u0131 Oku<svg aria-hidden=\"true\" class=\"e-font-icon-svg e-fas-arrow-right\" viewBox=\"0 0 448 512\" xmlns=\"http:\/\/www.w3.org\/2000\/svg\"><path d=\"M190.5 66.9l22.2-22.2c9.4-9.4 24.6-9.4 33.9 0L441 239c9.4 9.4 9.4 24.6 0 33.9L246.6 467.3c-9.4 9.4-24.6 9.4-33.9 0l-22.2-22.2c-9.5-9.5-9.3-25 .4-34.3L311.4 296H24c-13.3 0-24-10.7-24-24v-32c0-13.3 10.7-24 24-24h287.4L190.9 101.2c-9.8-9.3-10-24.8-.4-34.3z\"><\/path><\/svg><\/a>\n            <\/div>\n\t\t\t\t\t\t<\/div><\/div>\n                <\/article><article class=\"jkit-post post-2108 post type-post status-publish format-standard has-post-thumbnail hentry category-nicht-kategorisiert\">\n                    <div class=\"jkit-thumb\"><a aria-label=\"Was ist eine Fettabsaugung an den Wangen?\" href=\"https:\/\/elvanbayraktar.com\/de\/was-ist-eine-fettabsaugung-an-den-wangen\/\"><div class=\"thumbnail-container \">\n            <img loading=\"lazy\" decoding=\"async\" width=\"1080\" height=\"720\" src=\"https:\/\/elvanbayraktar.com\/wp-content\/uploads\/2025\/05\/Gidi-Liposuction-Nedir.jpg\" class=\"attachment-full size-full wp-post-image\" alt=\"\" loading=\"lazy\" srcset=\"https:\/\/elvanbayraktar.com\/wp-content\/uploads\/2025\/05\/Gidi-Liposuction-Nedir.jpg 1080w, https:\/\/elvanbayraktar.com\/wp-content\/uploads\/2025\/05\/Gidi-Liposuction-Nedir-300x200.jpg 300w, https:\/\/elvanbayraktar.com\/wp-content\/uploads\/2025\/05\/Gidi-Liposuction-Nedir-1024x683.jpg 1024w, https:\/\/elvanbayraktar.com\/wp-content\/uploads\/2025\/05\/Gidi-Liposuction-Nedir-768x512.jpg 768w\" sizes=\"auto, (max-width: 1080px) 100vw, 1080px\" \/>\n        <\/div><\/a><div class=\"jkit-post-category position-left\"><span><a href=\"https:\/\/elvanbayraktar.com\/de\/nicht-kategorisiert\/\" class=\"category-nicht-kategorisiert\">Nicht kategorisiert<\/a><\/span><\/div><\/div>\n                    <div class=\"jkit-postblock-content\"><h2 class=\"jkit-post-title\">\n\t\t\t\t\t\t\t<a href=\"https:\/\/elvanbayraktar.com\/de\/was-ist-eine-fettabsaugung-an-den-wangen\/\">Was ist eine Fettabsaugung an den Wangen?<\/a>\n\t\t\t\t\t\t<\/h2><div class=\"jkit-post-excerpt\"><p>Bei der Fettabsaugung an den Wangen wird \u00fcbersch\u00fcssiges Fettgewebe, das sich im Bereich unter dem Kinn angesammelt hat, mit Hilfe von d\u00fcnnen Kan\u00fclen...<\/p><\/div><div class=\"jkit-post-meta-bottom\">\n\t\t\t\t\t\t\t<div class=\"jkit-meta-readmore icon-position-after\">\n                <a title=\"Was ist eine Fettabsaugung an den Wangen?\" href=\"https:\/\/elvanbayraktar.com\/de\/was-ist-eine-fettabsaugung-an-den-wangen\/\" class=\"jkit-readmore\">Devam\u0131n\u0131 Oku<svg aria-hidden=\"true\" class=\"e-font-icon-svg e-fas-arrow-right\" viewBox=\"0 0 448 512\" xmlns=\"http:\/\/www.w3.org\/2000\/svg\"><path d=\"M190.5 66.9l22.2-22.2c9.4-9.4 24.6-9.4 33.9 0L441 239c9.4 9.4 9.4 24.6 0 33.9L246.6 467.3c-9.4 9.4-24.6 9.4-33.9 0l-22.2-22.2c-9.5-9.5-9.3-25 .4-34.3L311.4 296H24c-13.3 0-24-10.7-24-24v-32c0-13.3 10.7-24 24-24h287.4L190.9 101.2c-9.8-9.3-10-24.8-.4-34.3z\"><\/path><\/svg><\/a>\n            <\/div>\n\t\t\t\t\t\t<\/div><\/div>\n                <\/article><article class=\"jkit-post post-2106 post type-post status-publish format-standard has-post-thumbnail hentry category-nicht-kategorisiert\">\n                    <div class=\"jkit-thumb\"><a aria-label=\"Preise f\u00fcr fraktionierte Laser\" href=\"https:\/\/elvanbayraktar.com\/de\/preise-fuer-fraktionierte-laser\/\"><div class=\"thumbnail-container \">\n            <img loading=\"lazy\" decoding=\"async\" width=\"1080\" height=\"720\" src=\"https:\/\/elvanbayraktar.com\/wp-content\/uploads\/2025\/05\/Fraksiyonel-Lazer-Fiyatlari.jpg\" class=\"attachment-full size-full wp-post-image\" alt=\"\" loading=\"lazy\" srcset=\"https:\/\/elvanbayraktar.com\/wp-content\/uploads\/2025\/05\/Fraksiyonel-Lazer-Fiyatlari.jpg 1080w, https:\/\/elvanbayraktar.com\/wp-content\/uploads\/2025\/05\/Fraksiyonel-Lazer-Fiyatlari-300x200.jpg 300w, https:\/\/elvanbayraktar.com\/wp-content\/uploads\/2025\/05\/Fraksiyonel-Lazer-Fiyatlari-1024x683.jpg 1024w, https:\/\/elvanbayraktar.com\/wp-content\/uploads\/2025\/05\/Fraksiyonel-Lazer-Fiyatlari-768x512.jpg 768w\" sizes=\"auto, (max-width: 1080px) 100vw, 1080px\" \/>\n        <\/div><\/a><div class=\"jkit-post-category position-left\"><span><a href=\"https:\/\/elvanbayraktar.com\/de\/nicht-kategorisiert\/\" class=\"category-nicht-kategorisiert\">Nicht kategorisiert<\/a><\/span><\/div><\/div>\n                    <div class=\"jkit-postblock-content\"><h2 class=\"jkit-post-title\">\n\t\t\t\t\t\t\t<a href=\"https:\/\/elvanbayraktar.com\/de\/preise-fuer-fraktionierte-laser\/\">Preise f\u00fcr fraktionierte Laser<\/a>\n\t\t\t\t\t\t<\/h2><div class=\"jkit-post-excerpt\"><p>Der fraktionierte Laser ist eine moderne Technologie, die die Hauterneuerung und \u00e4sthetische Behandlungen revolutioniert. Sie zielt darauf ab, der Haut ein j\u00fcngeres und...<\/p><\/div><div class=\"jkit-post-meta-bottom\">\n\t\t\t\t\t\t\t<div class=\"jkit-meta-readmore icon-position-after\">\n                <a title=\"Preise f\u00fcr fraktionierte Laser\" href=\"https:\/\/elvanbayraktar.com\/de\/preise-fuer-fraktionierte-laser\/\" class=\"jkit-readmore\">Devam\u0131n\u0131 Oku<svg aria-hidden=\"true\" class=\"e-font-icon-svg e-fas-arrow-right\" viewBox=\"0 0 448 512\" xmlns=\"http:\/\/www.w3.org\/2000\/svg\"><path d=\"M190.5 66.9l22.2-22.2c9.4-9.4 24.6-9.4 33.9 0L441 239c9.4 9.4 9.4 24.6 0 33.9L246.6 467.3c-9.4 9.4-24.6 9.4-33.9 0l-22.2-22.2c-9.5-9.5-9.3-25 .4-34.3L311.4 296H24c-13.3 0-24-10.7-24-24v-32c0-13.3 10.7-24 24-24h287.4L190.9 101.2c-9.8-9.3-10-24.8-.4-34.3z\"><\/path><\/svg><\/a>\n            <\/div>\n\t\t\t\t\t\t<\/div><\/div>\n                <\/article><article class=\"jkit-post post-2083 post type-post status-publish format-standard has-post-thumbnail hentry category-nicht-kategorisiert\">\n                    <div class=\"jkit-thumb\"><a aria-label=\"Was ist Jowl Melting mit Mesotherapie?\" href=\"https:\/\/elvanbayraktar.com\/de\/was-ist-jowl-melting-mit-mesotherapie\/\"><div class=\"thumbnail-container \">\n            <img loading=\"lazy\" decoding=\"async\" width=\"1080\" height=\"720\" src=\"https:\/\/elvanbayraktar.com\/wp-content\/uploads\/2025\/05\/Mezoterapi-ile-Gidi-Eritme-Nedir.jpg\" class=\"attachment-full size-full wp-post-image\" alt=\"\" loading=\"lazy\" srcset=\"https:\/\/elvanbayraktar.com\/wp-content\/uploads\/2025\/05\/Mezoterapi-ile-Gidi-Eritme-Nedir.jpg 1080w, https:\/\/elvanbayraktar.com\/wp-content\/uploads\/2025\/05\/Mezoterapi-ile-Gidi-Eritme-Nedir-300x200.jpg 300w, https:\/\/elvanbayraktar.com\/wp-content\/uploads\/2025\/05\/Mezoterapi-ile-Gidi-Eritme-Nedir-1024x683.jpg 1024w, https:\/\/elvanbayraktar.com\/wp-content\/uploads\/2025\/05\/Mezoterapi-ile-Gidi-Eritme-Nedir-768x512.jpg 768w\" sizes=\"auto, (max-width: 1080px) 100vw, 1080px\" \/>\n        <\/div><\/a><div class=\"jkit-post-category position-left\"><span><a href=\"https:\/\/elvanbayraktar.com\/de\/nicht-kategorisiert\/\" class=\"category-nicht-kategorisiert\">Nicht kategorisiert<\/a><\/span><\/div><\/div>\n                    <div class=\"jkit-postblock-content\"><h2 class=\"jkit-post-title\">\n\t\t\t\t\t\t\t<a href=\"https:\/\/elvanbayraktar.com\/de\/was-ist-jowl-melting-mit-mesotherapie\/\">Was ist Jowl Melting mit Mesotherapie?<\/a>\n\t\t\t\t\t\t<\/h2><div class=\"jkit-post-excerpt\"><p>Das Kinnschmelzen mit Mesotherapie ist eine der nicht-chirurgischen regionalen Fettschmelzmethoden, die durch Injektion angewendet werden. Vor allem Erschlaffung und Fettansammlungen unter dem Kinn...<\/p><\/div><div class=\"jkit-post-meta-bottom\">\n\t\t\t\t\t\t\t<div class=\"jkit-meta-readmore icon-position-after\">\n                <a title=\"Was ist Jowl Melting mit Mesotherapie?\" href=\"https:\/\/elvanbayraktar.com\/de\/was-ist-jowl-melting-mit-mesotherapie\/\" class=\"jkit-readmore\">Devam\u0131n\u0131 Oku<svg aria-hidden=\"true\" class=\"e-font-icon-svg e-fas-arrow-right\" viewBox=\"0 0 448 512\" xmlns=\"http:\/\/www.w3.org\/2000\/svg\"><path d=\"M190.5 66.9l22.2-22.2c9.4-9.4 24.6-9.4 33.9 0L441 239c9.4 9.4 9.4 24.6 0 33.9L246.6 467.3c-9.4 9.4-24.6 9.4-33.9 0l-22.2-22.2c-9.5-9.5-9.3-25 .4-34.3L311.4 296H24c-13.3 0-24-10.7-24-24v-32c0-13.3 10.7-24 24-24h287.4L190.9 101.2c-9.8-9.3-10-24.8-.4-34.3z\"><\/path><\/svg><\/a>\n            <\/div>\n\t\t\t\t\t\t<\/div><\/div>\n                <\/article><article class=\"jkit-post post-2088 post type-post status-publish format-standard has-post-thumbnail hentry category-nicht-kategorisiert\">\n                    <div class=\"jkit-thumb\"><a aria-label=\"Bewertungen von Skin Mesotherapy\" href=\"https:\/\/elvanbayraktar.com\/de\/bewertungen-von-skin-mesotherapy\/\"><div class=\"thumbnail-container \">\n            <img loading=\"lazy\" decoding=\"async\" width=\"1080\" height=\"720\" src=\"https:\/\/elvanbayraktar.com\/wp-content\/uploads\/2025\/05\/Cilt-Mezoterapi-Yaptiranlarin-Yorumlari.jpg\" class=\"attachment-full size-full wp-post-image\" alt=\"\" loading=\"lazy\" srcset=\"https:\/\/elvanbayraktar.com\/wp-content\/uploads\/2025\/05\/Cilt-Mezoterapi-Yaptiranlarin-Yorumlari.jpg 1080w, https:\/\/elvanbayraktar.com\/wp-content\/uploads\/2025\/05\/Cilt-Mezoterapi-Yaptiranlarin-Yorumlari-300x200.jpg 300w, https:\/\/elvanbayraktar.com\/wp-content\/uploads\/2025\/05\/Cilt-Mezoterapi-Yaptiranlarin-Yorumlari-1024x683.jpg 1024w, https:\/\/elvanbayraktar.com\/wp-content\/uploads\/2025\/05\/Cilt-Mezoterapi-Yaptiranlarin-Yorumlari-768x512.jpg 768w\" sizes=\"auto, (max-width: 1080px) 100vw, 1080px\" \/>\n        <\/div><\/a><div class=\"jkit-post-category position-left\"><span><a href=\"https:\/\/elvanbayraktar.com\/de\/nicht-kategorisiert\/\" class=\"category-nicht-kategorisiert\">Nicht kategorisiert<\/a><\/span><\/div><\/div>\n                    <div class=\"jkit-postblock-content\"><h2 class=\"jkit-post-title\">\n\t\t\t\t\t\t\t<a href=\"https:\/\/elvanbayraktar.com\/de\/bewertungen-von-skin-mesotherapy\/\">Bewertungen von Skin Mesotherapy<\/a>\n\t\t\t\t\t\t<\/h2><div class=\"jkit-post-excerpt\"><p>Nicht-chirurgische Methoden zur Hautpflege und -erneuerung werden heute zunehmend bevorzugt. Die Mesotherapie, eine dieser Methoden, ist eine Anwendung, die die direkte Zufuhr von...<\/p><\/div><div class=\"jkit-post-meta-bottom\">\n\t\t\t\t\t\t\t<div class=\"jkit-meta-readmore icon-position-after\">\n                <a title=\"Bewertungen von Skin Mesotherapy\" href=\"https:\/\/elvanbayraktar.com\/de\/bewertungen-von-skin-mesotherapy\/\" class=\"jkit-readmore\">Devam\u0131n\u0131 Oku<svg aria-hidden=\"true\" class=\"e-font-icon-svg e-fas-arrow-right\" viewBox=\"0 0 448 512\" xmlns=\"http:\/\/www.w3.org\/2000\/svg\"><path d=\"M190.5 66.9l22.2-22.2c9.4-9.4 24.6-9.4 33.9 0L441 239c9.4 9.4 9.4 24.6 0 33.9L246.6 467.3c-9.4 9.4-24.6 9.4-33.9 0l-22.2-22.2c-9.5-9.5-9.3-25 .4-34.3L311.4 296H24c-13.3 0-24-10.7-24-24v-32c0-13.3 10.7-24 24-24h287.4L190.9 101.2c-9.8-9.3-10-24.8-.4-34.3z\"><\/path><\/svg><\/a>\n            <\/div>\n\t\t\t\t\t\t<\/div><\/div>\n                <\/article><article class=\"jkit-post post-2023 post type-post status-publish format-standard has-post-thumbnail hentry category-nicht-kategorisiert\">\n                    <div class=\"jkit-thumb\"><a aria-label=\"Kommentare nach prominenter Ohrchirurgie\" href=\"https:\/\/elvanbayraktar.com\/de\/kommentare-nach-prominenter-ohrchirurgie\/\"><div class=\"thumbnail-container \">\n            <img loading=\"lazy\" decoding=\"async\" width=\"1080\" height=\"720\" src=\"https:\/\/elvanbayraktar.com\/wp-content\/uploads\/2025\/05\/Kepce-Kulak-Ameliyati-Sonrasi-Yorumlar.jpg\" class=\"attachment-full size-full wp-post-image\" alt=\"\" loading=\"lazy\" srcset=\"https:\/\/elvanbayraktar.com\/wp-content\/uploads\/2025\/05\/Kepce-Kulak-Ameliyati-Sonrasi-Yorumlar.jpg 1080w, https:\/\/elvanbayraktar.com\/wp-content\/uploads\/2025\/05\/Kepce-Kulak-Ameliyati-Sonrasi-Yorumlar-300x200.jpg 300w, https:\/\/elvanbayraktar.com\/wp-content\/uploads\/2025\/05\/Kepce-Kulak-Ameliyati-Sonrasi-Yorumlar-1024x683.jpg 1024w, https:\/\/elvanbayraktar.com\/wp-content\/uploads\/2025\/05\/Kepce-Kulak-Ameliyati-Sonrasi-Yorumlar-768x512.jpg 768w\" sizes=\"auto, (max-width: 1080px) 100vw, 1080px\" \/>\n        <\/div><\/a><div class=\"jkit-post-category position-left\"><span><a href=\"https:\/\/elvanbayraktar.com\/de\/nicht-kategorisiert\/\" class=\"category-nicht-kategorisiert\">Nicht kategorisiert<\/a><\/span><\/div><\/div>\n                    <div class=\"jkit-postblock-content\"><h2 class=\"jkit-post-title\">\n\t\t\t\t\t\t\t<a href=\"https:\/\/elvanbayraktar.com\/de\/kommentare-nach-prominenter-ohrchirurgie\/\">Kommentare nach prominenter Ohrchirurgie<\/a>\n\t\t\t\t\t\t<\/h2><div class=\"jkit-post-excerpt\"><p>Die Operation des abstehenden Ohres (Otoplastik) geh\u00f6rt zu den chirurgischen Eingriffen, die vor allem aus \u00e4sthetischen Gr\u00fcnden bevorzugt werden und sich positiv auf...<\/p><\/div><div class=\"jkit-post-meta-bottom\">\n\t\t\t\t\t\t\t<div class=\"jkit-meta-readmore icon-position-after\">\n                <a title=\"Kommentare nach prominenter Ohrchirurgie\" href=\"https:\/\/elvanbayraktar.com\/de\/kommentare-nach-prominenter-ohrchirurgie\/\" class=\"jkit-readmore\">Devam\u0131n\u0131 Oku<svg aria-hidden=\"true\" class=\"e-font-icon-svg e-fas-arrow-right\" viewBox=\"0 0 448 512\" xmlns=\"http:\/\/www.w3.org\/2000\/svg\"><path d=\"M190.5 66.9l22.2-22.2c9.4-9.4 24.6-9.4 33.9 0L441 239c9.4 9.4 9.4 24.6 0 33.9L246.6 467.3c-9.4 9.4-24.6 9.4-33.9 0l-22.2-22.2c-9.5-9.5-9.3-25 .4-34.3L311.4 296H24c-13.3 0-24-10.7-24-24v-32c0-13.3 10.7-24 24-24h287.4L190.9 101.2c-9.8-9.3-10-24.8-.4-34.3z\"><\/path><\/svg><\/a>\n            <\/div>\n\t\t\t\t\t\t<\/div><\/div>\n                <\/article><article class=\"jkit-post post-2097 post type-post status-publish format-standard has-post-thumbnail hentry category-nicht-kategorisiert\">\n                    <div class=\"jkit-thumb\"><a aria-label=\"Bewertungen von Personen, die einen French Hanger besitzen\" href=\"https:\/\/elvanbayraktar.com\/de\/bewertungen-von-personen-die-einen-french-hanger-besitzen\/\"><div class=\"thumbnail-container \">\n            <img loading=\"lazy\" decoding=\"async\" width=\"1080\" height=\"720\" src=\"https:\/\/elvanbayraktar.com\/wp-content\/uploads\/2025\/05\/Fransiz-Askisi-Yaptiranlarin-Yorumlari.jpg\" class=\"attachment-full size-full wp-post-image\" alt=\"\" loading=\"lazy\" srcset=\"https:\/\/elvanbayraktar.com\/wp-content\/uploads\/2025\/05\/Fransiz-Askisi-Yaptiranlarin-Yorumlari.jpg 1080w, https:\/\/elvanbayraktar.com\/wp-content\/uploads\/2025\/05\/Fransiz-Askisi-Yaptiranlarin-Yorumlari-300x200.jpg 300w, https:\/\/elvanbayraktar.com\/wp-content\/uploads\/2025\/05\/Fransiz-Askisi-Yaptiranlarin-Yorumlari-1024x683.jpg 1024w, https:\/\/elvanbayraktar.com\/wp-content\/uploads\/2025\/05\/Fransiz-Askisi-Yaptiranlarin-Yorumlari-768x512.jpg 768w\" sizes=\"auto, (max-width: 1080px) 100vw, 1080px\" \/>\n        <\/div><\/a><div class=\"jkit-post-category position-left\"><span><a href=\"https:\/\/elvanbayraktar.com\/de\/nicht-kategorisiert\/\" class=\"category-nicht-kategorisiert\">Nicht kategorisiert<\/a><\/span><\/div><\/div>\n                    <div class=\"jkit-postblock-content\"><h2 class=\"jkit-post-title\">\n\t\t\t\t\t\t\t<a href=\"https:\/\/elvanbayraktar.com\/de\/bewertungen-von-personen-die-einen-french-hanger-besitzen\/\">Bewertungen von Personen, die einen French Hanger besitzen<\/a>\n\t\t\t\t\t\t<\/h2><div class=\"jkit-post-excerpt\"><p>French Strap ist eine der nicht-chirurgischen Methoden zur Gesichtsverj\u00fcngung, die in den letzten Jahren im Bereich der \u00e4sthetischen Chirurgie und der medizinischen \u00c4sthetik...<\/p><\/div><div class=\"jkit-post-meta-bottom\">\n\t\t\t\t\t\t\t<div class=\"jkit-meta-readmore icon-position-after\">\n                <a title=\"Bewertungen von Personen, die einen French Hanger besitzen\" href=\"https:\/\/elvanbayraktar.com\/de\/bewertungen-von-personen-die-einen-french-hanger-besitzen\/\" class=\"jkit-readmore\">Devam\u0131n\u0131 Oku<svg aria-hidden=\"true\" class=\"e-font-icon-svg e-fas-arrow-right\" viewBox=\"0 0 448 512\" xmlns=\"http:\/\/www.w3.org\/2000\/svg\"><path d=\"M190.5 66.9l22.2-22.2c9.4-9.4 24.6-9.4 33.9 0L441 239c9.4 9.4 9.4 24.6 0 33.9L246.6 467.3c-9.4 9.4-24.6 9.4-33.9 0l-22.2-22.2c-9.5-9.5-9.3-25 .4-34.3L311.4 296H24c-13.3 0-24-10.7-24-24v-32c0-13.3 10.7-24 24-24h287.4L190.9 101.2c-9.8-9.3-10-24.8-.4-34.3z\"><\/path><\/svg><\/a>\n            <\/div>\n\t\t\t\t\t\t<\/div><\/div>\n                <\/article><article class=\"jkit-post post-2078 post type-post status-publish format-standard has-post-thumbnail hentry category-nicht-kategorisiert\">\n                    <div class=\"jkit-thumb\"><a aria-label=\"Bewertungen von Personen, die eine Nasolabial-F\u00fcllung haben\" href=\"https:\/\/elvanbayraktar.com\/de\/bewertungen-von-personen-die-eine-nasolabial-fuellung-haben\/\"><div class=\"thumbnail-container \">\n            <img loading=\"lazy\" decoding=\"async\" width=\"1080\" height=\"720\" src=\"https:\/\/elvanbayraktar.com\/wp-content\/uploads\/2025\/03\/Nazolabial-Dolgu-Yaptiranlarin-Yorumlari.jpg\" class=\"attachment-full size-full wp-post-image\" alt=\"\" loading=\"lazy\" srcset=\"https:\/\/elvanbayraktar.com\/wp-content\/uploads\/2025\/03\/Nazolabial-Dolgu-Yaptiranlarin-Yorumlari.jpg 1080w, https:\/\/elvanbayraktar.com\/wp-content\/uploads\/2025\/03\/Nazolabial-Dolgu-Yaptiranlarin-Yorumlari-300x200.jpg 300w, https:\/\/elvanbayraktar.com\/wp-content\/uploads\/2025\/03\/Nazolabial-Dolgu-Yaptiranlarin-Yorumlari-1024x683.jpg 1024w, https:\/\/elvanbayraktar.com\/wp-content\/uploads\/2025\/03\/Nazolabial-Dolgu-Yaptiranlarin-Yorumlari-768x512.jpg 768w\" sizes=\"auto, (max-width: 1080px) 100vw, 1080px\" \/>\n        <\/div><\/a><div class=\"jkit-post-category position-left\"><span><a href=\"https:\/\/elvanbayraktar.com\/de\/nicht-kategorisiert\/\" class=\"category-nicht-kategorisiert\">Nicht kategorisiert<\/a><\/span><\/div><\/div>\n                    <div class=\"jkit-postblock-content\"><h2 class=\"jkit-post-title\">\n\t\t\t\t\t\t\t<a href=\"https:\/\/elvanbayraktar.com\/de\/bewertungen-von-personen-die-eine-nasolabial-fuellung-haben\/\">Bewertungen von Personen, die eine Nasolabial-F\u00fcllung haben<\/a>\n\t\t\t\t\t\t<\/h2><div class=\"jkit-post-excerpt\"><p>Nasolabialer F\u00fcllerhat in den letzten Jahren einen wichtigen Platz in der \u00e4sthetischen Welt eingenommen und wird als effektive L\u00f6sung bevorzugt, die die Gesichtsz\u00fcge...<\/p><\/div><div class=\"jkit-post-meta-bottom\">\n\t\t\t\t\t\t\t<div class=\"jkit-meta-readmore icon-position-after\">\n                <a title=\"Bewertungen von Personen, die eine Nasolabial-F\u00fcllung haben\" href=\"https:\/\/elvanbayraktar.com\/de\/bewertungen-von-personen-die-eine-nasolabial-fuellung-haben\/\" class=\"jkit-readmore\">Devam\u0131n\u0131 Oku<svg aria-hidden=\"true\" class=\"e-font-icon-svg e-fas-arrow-right\" viewBox=\"0 0 448 512\" xmlns=\"http:\/\/www.w3.org\/2000\/svg\"><path d=\"M190.5 66.9l22.2-22.2c9.4-9.4 24.6-9.4 33.9 0L441 239c9.4 9.4 9.4 24.6 0 33.9L246.6 467.3c-9.4 9.4-24.6 9.4-33.9 0l-22.2-22.2c-9.5-9.5-9.3-25 .4-34.3L311.4 296H24c-13.3 0-24-10.7-24-24v-32c0-13.3 10.7-24 24-24h287.4L190.9 101.2c-9.8-9.3-10-24.8-.4-34.3z\"><\/path><\/svg><\/a>\n            <\/div>\n\t\t\t\t\t\t<\/div><\/div>\n                <\/article><article class=\"jkit-post post-2080 post type-post status-publish format-standard has-post-thumbnail hentry category-nicht-kategorisiert\">\n                    <div class=\"jkit-thumb\"><a aria-label=\"Wege zur nat\u00fcrlichen Verlangsamung des Alterungsprozesses\" href=\"https:\/\/elvanbayraktar.com\/de\/wege-zur-natuerlichen-verlangsamung-des-alterungsprozesses\/\"><div class=\"thumbnail-container \">\n            <img loading=\"lazy\" decoding=\"async\" width=\"1000\" height=\"550\" src=\"https:\/\/elvanbayraktar.com\/wp-content\/uploads\/2024\/11\/dogal-yollarla-yaslanmayi-onleme.webp\" class=\"attachment-full size-full wp-post-image\" alt=\"\" loading=\"lazy\" srcset=\"https:\/\/elvanbayraktar.com\/wp-content\/uploads\/2024\/11\/dogal-yollarla-yaslanmayi-onleme.webp 1000w, https:\/\/elvanbayraktar.com\/wp-content\/uploads\/2024\/11\/dogal-yollarla-yaslanmayi-onleme-300x165.webp 300w, https:\/\/elvanbayraktar.com\/wp-content\/uploads\/2024\/11\/dogal-yollarla-yaslanmayi-onleme-768x422.webp 768w\" sizes=\"auto, (max-width: 1000px) 100vw, 1000px\" \/>\n        <\/div><\/a><div class=\"jkit-post-category position-left\"><span><a href=\"https:\/\/elvanbayraktar.com\/de\/nicht-kategorisiert\/\" class=\"category-nicht-kategorisiert\">Nicht kategorisiert<\/a><\/span><\/div><\/div>\n                    <div class=\"jkit-postblock-content\"><h2 class=\"jkit-post-title\">\n\t\t\t\t\t\t\t<a href=\"https:\/\/elvanbayraktar.com\/de\/wege-zur-natuerlichen-verlangsamung-des-alterungsprozesses\/\">Wege zur nat\u00fcrlichen Verlangsamung des Alterungsprozesses<\/a>\n\t\t\t\t\t\t<\/h2><div class=\"jkit-post-excerpt\"><p>Obwohl das Altern ein unvermeidlicher biologischer Prozess ist, ist es m\u00f6glich, seine Auswirkungen zu verlangsamen und ges\u00fcnder zu altern. Die Verlangsamung des Alterungsprozesses...<\/p><\/div><div class=\"jkit-post-meta-bottom\">\n\t\t\t\t\t\t\t<div class=\"jkit-meta-readmore icon-position-after\">\n                <a title=\"Wege zur nat\u00fcrlichen Verlangsamung des Alterungsprozesses\" href=\"https:\/\/elvanbayraktar.com\/de\/wege-zur-natuerlichen-verlangsamung-des-alterungsprozesses\/\" class=\"jkit-readmore\">Devam\u0131n\u0131 Oku<svg aria-hidden=\"true\" class=\"e-font-icon-svg e-fas-arrow-right\" viewBox=\"0 0 448 512\" xmlns=\"http:\/\/www.w3.org\/2000\/svg\"><path d=\"M190.5 66.9l22.2-22.2c9.4-9.4 24.6-9.4 33.9 0L441 239c9.4 9.4 9.4 24.6 0 33.9L246.6 467.3c-9.4 9.4-24.6 9.4-33.9 0l-22.2-22.2c-9.5-9.5-9.3-25 .4-34.3L311.4 296H24c-13.3 0-24-10.7-24-24v-32c0-13.3 10.7-24 24-24h287.4L190.9 101.2c-9.8-9.3-10-24.8-.4-34.3z\"><\/path><\/svg><\/a>\n            <\/div>\n\t\t\t\t\t\t<\/div><\/div>\n                <\/article>\n        <\/div><\/div><\/div>\t\t\t\t<\/div>\n\t\t\t\t<\/div>\n\t\t\t\t\t<\/div>\n\t\t\t\t<\/div>\n\t\t\t\t<\/div>\n\t\t","protected":false},"excerpt":{"rendered":"<p>edit post Beauty Natural Ways to Slow Down the Aging Process While aging is an inevitable biological process, it&#8217;s possible to slow down its effects and age more healthily. Slowing down the aging process&#8230; Devam\u0131n\u0131 Oku<\/p>\n","protected":false},"author":1,"featured_media":0,"parent":0,"menu_order":0,"comment_status":"closed","ping_status":"closed","template":"","meta":{"_acf_changed":false,"footnotes":""},"class_list":["post-1993","page","type-page","status-publish","hentry"],"acf":[],"_links":{"self":[{"href":"https:\/\/elvanbayraktar.com\/de\/wp-json\/wp\/v2\/pages\/1993","targetHints":{"allow":["GET"]}}],"collection":[{"href":"https:\/\/elvanbayraktar.com\/de\/wp-json\/wp\/v2\/pages"}],"about":[{"href":"https:\/\/elvanbayraktar.com\/de\/wp-json\/wp\/v2\/types\/page"}],"author":[{"embeddable":true,"href":"https:\/\/elvanbayraktar.com\/de\/wp-json\/wp\/v2\/users\/1"}],"replies":[{"embeddable":true,"href":"https:\/\/elvanbayraktar.com\/de\/wp-json\/wp\/v2\/comments?post=1993"}],"version-history":[{"count":5,"href":"https:\/\/elvanbayraktar.com\/de\/wp-json\/wp\/v2\/pages\/1993\/revisions"}],"predecessor-version":[{"id":2631,"href":"https:\/\/elvanbayraktar.com\/de\/wp-json\/wp\/v2\/pages\/1993\/revisions\/2631"}],"wp:attachment":[{"href":"https:\/\/elvanbayraktar.com\/de\/wp-json\/wp\/v2\/media?parent=1993"}],"curies":[{"name":"wp","href":"https:\/\/api.w.org\/{rel}","templated":true}]}}